{"id":14068,"date":"2023-07-19T11:20:32","date_gmt":"2023-07-19T10:20:32","guid":{"rendered":"https:\/\/recreacionhistoria.com\/events\/oenach-atlantico-sedes-naron-2023\/"},"modified":"2023-07-19T11:24:14","modified_gmt":"2023-07-19T10:24:14","slug":"oenach-atlantico-sedes-naron-2023","status":"publish","type":"mec-events","link":"https:\/\/recreacionhistoria.com\/gl\/events\/oenach-atlantico-sedes-naron-2023\/","title":{"rendered":"Oenach Atl\u00e1ntico, Sedes, Nar\u00f3n 2023"},"content":{"rendered":"<p>Chegamos \u00e1 edici\u00f3n n\u00famero XXIII do evento de recreaci\u00f3n hist\u00f3rica <em><strong>Oenach Atl\u00e1ntico<\/strong><\/em>, que anualmente seviene celebrando na localidade coru\u00f1esa de Nar\u00f3n. Nesta ocasi\u00f3n as datas elixidas son as comprendidas entre os d\u00edas 28 e 30 de xullo de 2023.<\/p>\n<p>O venres 28, \u00e1s 21:00 horas, levar\u00e1 a cabo a cerimonia de inauguraci\u00f3n co tradicional acendido de lumes. A m\u00fasica marcar\u00e1 o comezo desta celebraci\u00f3n cunha Noite de m\u00fasica Galega a partir das 22:00 horas, onde se poder\u00e1 gozar dun concerto de m\u00fasica tradicional galega a cargo de Aliboria.<\/p>\n<p>O s\u00e1bado, \u00e1s 11:00 horas, abrirase c\u00e1mpaa castrexa para que os visitantes poidan presenciar en vivo varios oficios artesanais. Ademais, de 11:00 a 14:00 horas, haber\u00e1 actividades recreativas gratu\u00edtas para nenos e adultos a trav\u00e9s do Castro mi\u00fado. Nas inmediaci\u00f3ns das pallozas de Sedes, na propia campa, haber\u00e1 tam\u00e9n un photocall castrexo onde as persoas interesadas poder\u00e1n retratarse con traxes e vestimentas tradicionais. Ao mediod\u00eda, \u00e1s 13:00 horas, chegar\u00e1 o momento do verm\u00fa Oenach, amenizado con m\u00fasica. Aproximadamente \u00e1s 14:00 horas, no Oenach gastron\u00f3mico, haber\u00e1 un espazo para gozar de xantares.<\/p>\n<p>Na tarde do 29, continuar\u00e1n as actividades recreativas para nenos e adultos de 16:00 a 20:00 horas. \u00c1s 17:00 horas, comezar\u00e1 o espect\u00e1culo familiar<em> \u201cCanta M\u00fasica\u201d<\/em> de Pablo D\u00edaz, con canci\u00f3ns, xogos e bailes. \u00c1s 18:30 horas, levar\u00e1 a cabo a Parada etnogr\u00e1fica de m\u00fasica e baile tradicional a cargo do Grupo de m\u00fasica e danza tradicional Alxibeira do Padroado d\u00e1 Cultura de Nar\u00f3n. Finalmente, \u00e1s 22:30 horas, a gran compa\u00f1\u00eda de teatro comunitario de Sedes representar\u00e1 a obra \u2018L\u00faa de sangue\u2019 na Noite do castro.<\/p>\n<p>A programaci\u00f3n do \u00faltimo d\u00eda do Oenach, o domingo 30 de xullo, comezar\u00e1 \u00e1s 11:00 horas coa reapertura de c\u00e1mpaa castrexa con artesan\u00edas en vivo, o Castro mi\u00fado con actividades recreativas que tam\u00e9n continuar\u00e1n pola tarde, de 16:00 a 20:00 horas. Tam\u00e9n haber\u00e1 un photocall castrexo e unha mostra de razas aut\u00f3ctonas de cans de palleiro. O teatro regresar\u00e1 ao mediod\u00eda, \u00e1s 13:30 horas, cunha recreaci\u00f3n teatral en c\u00e1mpaa castrexa, seguida do Oenach gastron\u00f3mico \u00e1s 14:00 horas. Pola tarde, \u00e1s 17:00 horas, Vos Ghazafelhos representar\u00e1n unha obra de teatro familiar<em>, \u201cAs minas do Rei Salom\u00f3n\u201d,<\/em> e \u00e1s 18:00 horas, a Banda de Gaitas do Padroado d\u00e1 Cultura de Nar\u00f3n ofrecer\u00e1 m\u00fasica tradicional galega. Para claus\u00faraa desta vix\u00e9simo terceira edici\u00f3n do Oenach, programouse unha recreaci\u00f3n en c\u00e1mpaa \u00e1s 19:00 horas, seguida dun concerto do grupo de m\u00fasica tradicional galega Tiruleque, que comezar\u00e1 \u00e1s 20:00 horas.<\/p>\n","protected":false},"excerpt":{"rendered":"<p>Chegamos \u00e1 edici\u00f3n n\u00famero XXIII do evento de recreaci\u00f3n hist\u00f3rica Oenach Atl\u00e1ntico, que anualmente seviene celebrando na localidade coru\u00f1esa de Nar\u00f3n. Nesta ocasi\u00f3n as datas elixidas son as comprendidas entre os d\u00edas 28 e 30 de xullo de 2023. O venres 28, \u00e1s 21:00 horas, levar\u00e1 a cabo a cerimonia de inauguraci\u00f3n co tradicional acendido&hellip;<\/p>\n","protected":false},"author":2,"featured_media":14066,"comment_status":"open","ping_status":"closed","template":"","tags":[2753,302,3049,226,227,211,212,3048,513,647],"mec_category":[427],"class_list":["post-14068","mec-events","type-mec-events","status-publish","has-post-thumbnail","hentry","tag-2023-gl","tag-a-coruna-gl","tag-atlantico-2","tag-feiras","tag-festa","tag-mercado-2-gl","tag-naron-gl","tag-oenach-2","tag-provincia-gl","tag-sedes-gl","mec_category-feiras-e-mercados-normados-viquingos","description-off"],"_links":{"self":[{"href":"https:\/\/recreacionhistoria.com\/gl\/wp-json\/wp\/v2\/mec-events\/14068","targetHints":{"allow":["GET"]}}],"collection":[{"href":"https:\/\/recreacionhistoria.com\/gl\/wp-json\/wp\/v2\/mec-events"}],"about":[{"href":"https:\/\/recreacionhistoria.com\/gl\/wp-json\/wp\/v2\/types\/mec-events"}],"author":[{"embeddable":true,"href":"https:\/\/recreacionhistoria.com\/gl\/wp-json\/wp\/v2\/users\/2"}],"replies":[{"embeddable":true,"href":"https:\/\/recreacionhistoria.com\/gl\/wp-json\/wp\/v2\/comments?post=14068"}],"wp:featuredmedia":[{"embeddable":true,"href":"https:\/\/recreacionhistoria.com\/gl\/wp-json\/wp\/v2\/media\/14066"}],"wp:attachment":[{"href":"https:\/\/recreacionhistoria.com\/gl\/wp-json\/wp\/v2\/media?parent=14068"}],"wp:term":[{"taxonomy":"post_tag","embeddable":true,"href":"https:\/\/recreacionhistoria.com\/gl\/wp-json\/wp\/v2\/tags?post=14068"},{"taxonomy":"mec_category","embeddable":true,"href":"https:\/\/recreacionhistoria.com\/gl\/wp-json\/wp\/v2\/mec_category?post=14068"}],"curies":[{"name":"wp","href":"https:\/\/api.w.org\/{rel}","templated":true}]}}