{"id":11712,"date":"2022-07-18T18:33:35","date_gmt":"2022-07-18T17:33:35","guid":{"rendered":"https:\/\/recreacionhistoria.com\/events\/astures-y-romanos-astorga\/"},"modified":"2022-07-18T18:35:19","modified_gmt":"2022-07-18T17:35:19","slug":"astures-e-romanos-astorga","status":"publish","type":"mec-events","link":"https:\/\/recreacionhistoria.com\/gl\/events\/astures-e-romanos-astorga\/","title":{"rendered":"Astures e Romanos Astorga"},"content":{"rendered":"<p>Un dos grandes eventos do noroeste Pen\u00ednsular: &#8220;Astures y Romanos, regresa na fermosa localidad leonesa de Astorga.<\/p>\n<p><img fetchpriority=\"high\" decoding=\"async\" class=\"size-medium wp-image-11707 aligncenter\" src=\"https:\/\/recreacionhistoria.com\/wp-content\/uploads\/2022\/07\/Astures_y_romanos_Astorga_2022-206x300.jpg\" alt=\"\" width=\"206\" height=\"300\" title=\"\" srcset=\"https:\/\/recreacionhistoria.com\/wp-content\/uploads\/2022\/07\/Astures_y_romanos_Astorga_2022-206x300.jpg 206w, https:\/\/recreacionhistoria.com\/wp-content\/uploads\/2022\/07\/Astures_y_romanos_Astorga_2022.jpg 557w\" sizes=\"(max-width: 206px) 100vw, 206px\" \/><\/p>\n<p>&nbsp;<\/p>\n<p>Aqui tedes o programa deactividades:<\/p>\n<p>&nbsp;<\/p>\n<p><strong>PROGRAMA DE ACTIVIDADES<\/strong><\/p>\n<p><strong>ASTURES Y ROMANOS<\/strong><\/p>\n<p><strong><em>ASTORGA 2022<\/em><\/strong><\/p>\n<p>&nbsp;<\/p>\n<p><strong>\u00a0<\/strong><\/p>\n<p><strong>S\u00e1bado 23 de julio<\/strong><\/p>\n<p><strong><em>20 horas: <\/em><\/strong>VIII Munera Gladiatora (lucha y exhibici\u00f3n de gladiadores), en Plaza Eduardo de Castro<\/p>\n<p>&nbsp;<\/p>\n<p><strong><em>22 horas:<\/em><\/strong> FESTILENUS: Concierto de \u00abEl \u00faltimo sol\u00bb y \u00abCu\u00e9lebre\u00bb. Conecta con tus ra\u00edces a trav\u00e9s del folk ancestral de Iberia. En la Plaza Mayor<\/p>\n<p>&nbsp;<\/p>\n<p>&nbsp;<\/p>\n<p><strong>Jueves 28 de julio<\/strong><\/p>\n<p><strong><em>13 horas:<\/em><\/strong> Presentaci\u00f3n de las \u00abJornadas gastron\u00f3micas de la cocina astur-romana\u00bb a cargo de \u00abPRANDIUM\u00bb. En el Museo Romano, Sala Erg\u00e1stula<\/p>\n<p>&nbsp;<\/p>\n<p><strong><em>17:30 horas:<\/em><\/strong> Conferencia: \u00abLos astures en el ej\u00e9rcito romano\u00bb a cargo de Fernando Otero. En el Escenario del Campamento<\/p>\n<p>&nbsp;<\/p>\n<p><strong><em>A continuaci\u00f3n:<\/em><\/strong> Conferencia: \u00abGladiadores hispanos: La gladiatura como elemento de sincretismo, or\u00edgenes y evoluci\u00f3n\u00bb. A cargo de Javier Romay Fern\u00e1ndez. En el Escenario del campamento<\/p>\n<p>&nbsp;<\/p>\n<p><strong><em>19:30 horas:<\/em><\/strong> Inauguraci\u00f3n del POBLADO ASTUR Y CAMPAMENTO ROMANO. En el Parque del Melgar<\/p>\n<p>&nbsp;<\/p>\n<p><strong><em>20 horas:<\/em><\/strong> Apertura de la exposici\u00f3n \u00abLancienses y su ciudad Lancia. Mundo funerario astur\u00bb. En la Palloza Lanciense, n\u00b0 25 poblado astur<\/p>\n<p>&nbsp;<\/p>\n<p><strong><em>20 horas: <\/em><\/strong>Apertura de la exposici\u00f3n \u00abMundo Legionario\u00bb. Lugar: Campamento Legio VI Victrix, n\u00b0 15 campamento romano<\/p>\n<p>&nbsp;<\/p>\n<p><strong><em>20:30 horas:<\/em><\/strong> Taller infantil de pintura astur: Hermanamiento de tribus astures a trav\u00e9s de la pintura. En la Palloza Susarros, n\u00b0 41 poblado astur<\/p>\n<p>&nbsp;<\/p>\n<p><strong><em>22:30 horas:<\/em><\/strong> Ancestral devotio guerrera y pacto tribal. En el Escenario del campamento.<\/p>\n<p>&nbsp;<\/p>\n<p><strong><em>Durante la noche<\/em><\/strong>: Los Guigurros dar\u00e1n la bienvenida a los nuevos astures. En la Palloza Guigurros, n\u00b0 23 poblado astur<\/p>\n<p>&nbsp;<\/p>\n<p>&nbsp;<\/p>\n<p><strong>Viernes 29 de julio<\/strong><\/p>\n<p><strong><em>11 horas:<\/em><\/strong> Taller de musivarium (mosaicos). En aleda\u00f1os Domus Templo de Juno, n\u00b06 campamento romano<\/p>\n<p>&nbsp;<\/p>\n<p><em>IMPRESCINDIBLE RESERVAR EL JUEVES EN LA DOMUS DE TEMPLO DE JUNO.<\/em><\/p>\n<p>&nbsp;<\/p>\n<p><strong><em>11 horas:<\/em><\/strong> Taller de lanzamiento de pilum. En aleda\u00f1os Domus n\u00b06 campamento romano (zona habilitada)<\/p>\n<p>&nbsp;<\/p>\n<p><strong><em>12 horas:<\/em><\/strong> Ambientaci\u00f3n musical por las calles y bares de la ciudad a cargo de \u00abMan\u00eda\u00bb y \u00abSartaina\u00bb<\/p>\n<p>&nbsp;<\/p>\n<p><strong><em>12 horas:<\/em><\/strong> Presentaci\u00f3n del Sagum. En la Domus de Elegidvs Decimvs, n\u00b0 13 campamento romano<\/p>\n<p>&nbsp;<\/p>\n<p><strong><em>12:30 horas:<\/em><\/strong> Conferencia: \u00abLa mujer en la sociedad castre\u00f1a astur-galaica\u00bb a cargo de D. Angel Villa Vald\u00e9s (arque\u00f3logo del Museo Arqueol\u00f3gico de Asturias) En la Capilla de San Esteban<\/p>\n<p>&nbsp;<\/p>\n<p><strong><em>13 horas<\/em><\/strong>: Inauguraci\u00f3n del Mercado Astur-Romano con presencia de Pompeyo Faventino y el Caudillo Sebius. En la Plaza Santocildes<\/p>\n<p>&nbsp;<\/p>\n<p><strong><em>17 horas:<\/em><\/strong> Presentaci\u00f3n del Sagum. En la Palloza Saldanici, n\u00b030 poblado astur<\/p>\n<p>&nbsp;<\/p>\n<p><strong>17:30 horas:<\/strong> Conferencia: \u00abOrfebrer\u00eda castre\u00f1a: el adorno personal en el noroeste peninsular\u00bb A cargo de D Andrea Miranda. En la Capilla de San Esteban<\/p>\n<p>&nbsp;<\/p>\n<p><strong><em>18 horas:<\/em><\/strong> La Magnanimidad del C\u00e9sar. Augusto reconoce a los romanos y romanas menores de 14 a\u00f1os, les alienta a velar por el futuro de Roma y les obsequiar\u00e1 con monedas de oro. Lugar: Domus Instituc. del C\u00e9sar<\/p>\n<p>&nbsp;<\/p>\n<p><strong><em>18:30 horas:<\/em><\/strong> Lucha de gladiadores divulgativa. En la Plaza Mayor.<\/p>\n<p>&nbsp;<\/p>\n<p><strong><em>19 horas:<\/em><\/strong> Desfile de Tribus Astures, Legiones y C\u00edvitas Romanas por las calles de la ciudad<\/p>\n<p>&nbsp;<\/p>\n<p><strong><em>A continuaci\u00f3n:<\/em><\/strong> Recibimiento del C\u00e9sar. En la Plaza Mayor<\/p>\n<p>&nbsp;<\/p>\n<p><strong><em>20:45 horas:<\/em><\/strong> Dies Lustricus. Organiza: Elegidys Decimvs y Hermanos de Armas. Desfile desde Plaza Santocildes, acto principal a continuaci\u00f3n en la Plaza Central del campamento romano<\/p>\n<p><strong><em>\u00a0<\/em><\/strong><\/p>\n<p><strong><em>23 horas:<\/em><\/strong> XVII Noche de Druidas. Los druidas se re\u00fanen para relatar historias y experiencias. En el Escenario del Parque del Aljibe. Organiza: Guerreros de Finn<\/p>\n<p>&nbsp;<\/p>\n<p><strong><em>23:45 horas<\/em><\/strong>: El C\u00e9sar convida a los socios a un chocolate caliente. Lugar: Domus de Domus Victrix, n\u00b0 12. En el campamento romano (Imprescindible acudir con vaso \/ cuenco)<\/p>\n<p>&nbsp;<\/p>\n<p><strong><em>A continuaci\u00f3n<\/em><\/strong>: \u00abMan\u00eda\u00bb y \u00abCelticue\u00bb amenizan el campamento romano y el poblado astur con m\u00fasica en directo<\/p>\n<p>&nbsp;<\/p>\n<p>&nbsp;<\/p>\n<p><strong>S\u00e1bado 30 de julio<\/strong><\/p>\n<p><strong><em>12 horas:<\/em><\/strong> Apertura del taller de moneda. En la Parcela \u00abC\u00bb campamento romano.<\/p>\n<p>&nbsp;<\/p>\n<p><strong><em>12 horas<\/em><\/strong>: Apertura del taller de creaci\u00f3n de Sagum. \u00a0En la Parcela \u00abB\u00bb campamento romano (coste del taller 40\u20ac socios, imprescindible reserva y pago realizar antes del domingo 24 de julio)<\/p>\n<p>&nbsp;<\/p>\n<p><strong><em>12 horas:<\/em><\/strong> Haspartum, demostraci\u00f3n de la antigua pr\u00e1ctica deportiva de los legionarios romanos. Frente al escenario del campamento (con posibilidad de participar en el juego durante la demostraci\u00f3n)<\/p>\n<p>&nbsp;<\/p>\n<p><strong><em>12 horas:<\/em><\/strong> Ambientaci\u00f3n musical por los bares de la ciudad a cargo de \u00abCelt\u00edcue\u00bb y \u00abBatucada Maragataka*<\/p>\n<p>&nbsp;<\/p>\n<p><strong><em>12:30 horas<\/em><\/strong>: Reclutamiento de Legionarios. \u00a0En la Domus de Hispania Romana. Parcela \u00abA\u00bb campamento romano<\/p>\n<p>&nbsp;<\/p>\n<p><strong><em>13 horas:<\/em><\/strong> Desfile de las tropas romanas hacia la Plaza Mayor.<\/p>\n<p>&nbsp;<\/p>\n<p><strong><em>A continuaci\u00f3n:<\/em><\/strong> Revista de tropas por parte del Caesar Octavio Augusto. En la Plaza Mayor<\/p>\n<p>&nbsp;<\/p>\n<p><strong><em>16:30 horas:<\/em><\/strong> Instrucci\u00f3n legionaria. Taller infantil. Organiza: Legio VI Victrix. En los Aleda\u00f1os de la Domus n\u00b015. Campamento romano<\/p>\n<p>&nbsp;<\/p>\n<p><strong><em>Desde las 17 horas:<\/em><\/strong> M\u00fasica en la entrada a la Plaza de Toros por diferentes agrupaciones musicales<\/p>\n<p>&nbsp;<\/p>\n<p><strong><em>19 horas:<\/em><\/strong> En la Plaza de Toros: GRAN CIRCO ASTUR-ROMANO. Acceso gratuito hasta completar aforo. Adquisici\u00f3n de entradas 16:30 horas. Apertura del recinto: 17 horas. (cierre de puertas 15 minutos antes del inicio)<\/p>\n<p>&nbsp;<\/p>\n<p><strong><em>22 horas:<\/em><\/strong> En tu Plaza en o en la m\u00eda. Representaci\u00f3n de una cena romana al aire libre por parte de socios y colaboradores de la Asociaci\u00f3n. (Informaci\u00f3n sobre las cenas: Redes sociales de \u00abAYRA\u00bb)<\/p>\n<p>&nbsp;<\/p>\n<p><strong><em>23 horas:<\/em><\/strong> \u00a0Boda Astur-Romana. En el Campamento Astur y aparcamiento del Melgar<\/p>\n<p>&nbsp;<\/p>\n<p><strong><em>00 horas:<\/em><\/strong> FESTILENUS: Concierto de \u00abAlantre\u00bb y \u00abSon de Lugh-Celt\u00edcue\u00bb. En el Escenario del campamento<\/p>\n<p>&nbsp;<\/p>\n<p>&nbsp;<\/p>\n<p><strong>Domingo 31 de julio<\/strong><\/p>\n<p><strong><em>11:45 horas:<\/em><\/strong> Venta de esclavos. En la Plaza Mayor. Desfile previo desde el campamento romano<\/p>\n<p>&nbsp;<\/p>\n<p><strong><em>12 horas:<\/em><\/strong> Tocador de una matrona Romana. En la Parcela \u00abA\u00bb campamento romano<\/p>\n<p>&nbsp;<\/p>\n<p><strong><em>12 horas:<\/em><\/strong> Taller de moneda. En la Parcela \u2018C\u2019 (campamento romano)<\/p>\n<p>&nbsp;<\/p>\n<p><strong><em>12 horas:<\/em><\/strong> Demostraci\u00f3n de tiro con arco romano. Realizado por \u00abQvinto Arrio Cvrsor\u00bb, arquero Sirio oficial a cargo de las tropas auxiliares Sagittarias de Roma.\u00a0 En el aparcamiento del Melgar<\/p>\n<p>&nbsp;<\/p>\n<p><strong><em>12 horas: <\/em><\/strong>Taller de creaci\u00f3n de Sagum a cargo de Hnos. de Armas. En la Parcela \u00abB\u00bb campamento romano (Coste del taller 40\u20ac para socios, imprescindible reserva y pago a realizar antes del domingo 24 de julio)<\/p>\n<p><strong><em>\u00a0<\/em><\/strong><\/p>\n<p><strong><em>12:30 horas<\/em><\/strong>: Acto de agradecimiento del Ayuntamiento de Astorga y la Asociaci\u00f3n de Astures y Romanos de Astorga a las delegaciones y agrupaciones llegadas hasta Asturica Augusta. En el \u00a0Escenario campamento<\/p>\n<p>&nbsp;<\/p>\n<p><strong><em>A continuaci\u00f3n:<\/em><\/strong> Nombramiento del Socio de honor 2022 a los grupos que representan la m\u00fasica en la fiesta \u00abCelt\u00edcue\u00bb,\u00bbOrpheus\u00bb, \u00abSartaina\u00bb. En el Escenario del campamento.<\/p>\n<p>&nbsp;<\/p>\n<p><strong><em>A continuaci\u00f3n:<\/em><\/strong> Visita al campamento de las autoridades.<\/p>\n<p>&nbsp;<\/p>\n<p><strong><em>14:30 horas:<\/em><\/strong> Paella a cargo de \u00abAYRA\u00bb. Socios: venta de tickets anticipada: 6\u20ac, no socios, 10\u20ac. En el Campamento Astur-Romano (Con la comida se ofrecer\u00e1 un obsequio a los comensales)<\/p>\n<p>&nbsp;<\/p>\n<p><strong><em>17:30 horas:<\/em><\/strong> Conferencia: \u00abEl oro de Roma: Astorga, capital de la miner\u00eda aur\u00edfera romana del Noroeste Ib\u00e9rico\u00bb. A cargo de Roberto Mat\u00edas Rodr\u00edguez. En la Capilla de San Esteban<\/p>\n<p>&nbsp;<\/p>\n<p><strong><em>19:30 horas:<\/em><\/strong> Desfile de honor a los vencedores. Entrega de premios a los vencedores del circo romano. En la Plaza Mayor<\/p>\n<p>&nbsp;<\/p>\n<p><strong><em>A continuaci\u00f3n<\/em><\/strong>: Entierro del h\u00e9roe Astur. El cortejo funebre partir\u00e1 de la Plaza Mayor hasta la explanada del Melgar donde se realizar\u00e1 el acto<\/p>\n<p>&nbsp;<\/p>\n<p>&nbsp;<\/p>\n<p>Y aqu\u00ed lo teneis tambi\u00e9n en PDF:<\/p>\n<p><a href=\"https:\/\/recreacionhistoria.com\/wp-content\/uploads\/2022\/07\/Programa-Astures-y-Romanos-2022.pdf\">Programa-Astures-y-Romanos-2022<\/a><\/p>\n","protected":false},"excerpt":{"rendered":"<p>Un dos grandes eventos do noroeste Pen\u00ednsular: &#8220;Astures y Romanos, regresa na fermosa localidad leonesa de Astorga. &nbsp; Aqui tedes o programa deactividades: &nbsp; PROGRAMA DE ACTIVIDADES ASTURES Y ROMANOS ASTORGA 2022 &nbsp; \u00a0 S\u00e1bado 23 de julio 20 horas: VIII Munera Gladiatora (lucha y exhibici\u00f3n de gladiadores), en Plaza Eduardo de Castro &nbsp; 22&hellip;<\/p>\n","protected":false},"author":2,"featured_media":0,"comment_status":"open","ping_status":"closed","template":"","tags":[284,285,226,227,420,211,213,421],"mec_category":[422,390],"class_list":["post-11712","mec-events","type-mec-events","status-publish","hentry","tag-astorga-gl","tag-astur-gl","tag-feiras","tag-festa","tag-leon-provincia-gl","tag-mercado-2-gl","tag-noroeste-peninsular-gl","tag-romano-gl","mec_category-feiras-e-mercados-astures","mec_category-feiras-e-mercados-romanos","description-off"],"_links":{"self":[{"href":"https:\/\/recreacionhistoria.com\/gl\/wp-json\/wp\/v2\/mec-events\/11712","targetHints":{"allow":["GET"]}}],"collection":[{"href":"https:\/\/recreacionhistoria.com\/gl\/wp-json\/wp\/v2\/mec-events"}],"about":[{"href":"https:\/\/recreacionhistoria.com\/gl\/wp-json\/wp\/v2\/types\/mec-events"}],"author":[{"embeddable":true,"href":"https:\/\/recreacionhistoria.com\/gl\/wp-json\/wp\/v2\/users\/2"}],"replies":[{"embeddable":true,"href":"https:\/\/recreacionhistoria.com\/gl\/wp-json\/wp\/v2\/comments?post=11712"}],"wp:attachment":[{"href":"https:\/\/recreacionhistoria.com\/gl\/wp-json\/wp\/v2\/media?parent=11712"}],"wp:term":[{"taxonomy":"post_tag","embeddable":true,"href":"https:\/\/recreacionhistoria.com\/gl\/wp-json\/wp\/v2\/tags?post=11712"},{"taxonomy":"mec_category","embeddable":true,"href":"https:\/\/recreacionhistoria.com\/gl\/wp-json\/wp\/v2\/mec_category?post=11712"}],"curies":[{"name":"wp","href":"https:\/\/api.w.org\/{rel}","templated":true}]}}