{"id":11069,"date":"2022-04-26T14:32:38","date_gmt":"2022-04-26T13:32:38","guid":{"rendered":"https:\/\/recreacionhistoria.com\/events\/feira-medeival-viana-do-castelo\/"},"modified":"2022-04-26T14:34:02","modified_gmt":"2022-04-26T13:34:02","slug":"feira-medeival-viana-do-castelo","status":"publish","type":"mec-events","link":"https:\/\/recreacionhistoria.com\/gl\/events\/feira-medeival-viana-do-castelo\/","title":{"rendered":"Feira Medieval Viana do Castelo"},"content":{"rendered":"<p>Chega a XIII edici\u00f3n da Feira Medieval que anualmente ten lugar en terras portuguesas, concretamente na localidade de Viana do Castelo.<\/p>\n<p>Para esta nova edici\u00f3n, tras dous anos de interrupci\u00f3n pola pandemia de Covid, fix\u00e1ronse as datas comprendidas entre os d\u00edas 17 e o 19 de xu\u00f1o.<\/p>\n<p>A vila volver\u00e1 ao Medievo para encher as s\u00faas r\u00faas e prazas de animaci\u00f3n convivencia e a presenza de artes\u00e1ns, postos de gastronom\u00eda,\u2026<\/p>\n","protected":false},"excerpt":{"rendered":"<p>Chega a XIII edici\u00f3n da Feira Medieval que anualmente ten lugar en terras portuguesas, concretamente na localidade de Viana do Castelo. Para esta nova edici\u00f3n, tras dous anos de interrupci\u00f3n pola pandemia de Covid, fix\u00e1ronse as datas comprendidas entre os d\u00edas 17 e o 19 de xu\u00f1o. A vila volver\u00e1 ao Medievo para encher as&hellip;<\/p>\n","protected":false},"author":2,"featured_media":11067,"comment_status":"open","ping_status":"closed","template":"","tags":[226,374,210,211,252,325],"mec_category":[395],"class_list":["post-11069","mec-events","type-mec-events","status-publish","has-post-thumbnail","hentry","tag-feiras","tag-feria-gl","tag-medieval-gl","tag-mercado-2-gl","tag-portugal-gl","tag-viana-do-castelo-gl","mec_category-feiras-e-mercados-medievais","description-off"],"_links":{"self":[{"href":"https:\/\/recreacionhistoria.com\/gl\/wp-json\/wp\/v2\/mec-events\/11069","targetHints":{"allow":["GET"]}}],"collection":[{"href":"https:\/\/recreacionhistoria.com\/gl\/wp-json\/wp\/v2\/mec-events"}],"about":[{"href":"https:\/\/recreacionhistoria.com\/gl\/wp-json\/wp\/v2\/types\/mec-events"}],"author":[{"embeddable":true,"href":"https:\/\/recreacionhistoria.com\/gl\/wp-json\/wp\/v2\/users\/2"}],"replies":[{"embeddable":true,"href":"https:\/\/recreacionhistoria.com\/gl\/wp-json\/wp\/v2\/comments?post=11069"}],"wp:featuredmedia":[{"embeddable":true,"href":"https:\/\/recreacionhistoria.com\/gl\/wp-json\/wp\/v2\/media\/11067"}],"wp:attachment":[{"href":"https:\/\/recreacionhistoria.com\/gl\/wp-json\/wp\/v2\/media?parent=11069"}],"wp:term":[{"taxonomy":"post_tag","embeddable":true,"href":"https:\/\/recreacionhistoria.com\/gl\/wp-json\/wp\/v2\/tags?post=11069"},{"taxonomy":"mec_category","embeddable":true,"href":"https:\/\/recreacionhistoria.com\/gl\/wp-json\/wp\/v2\/mec_category?post=11069"}],"curies":[{"name":"wp","href":"https:\/\/api.w.org\/{rel}","templated":true}]}}