{"id":10857,"date":"2022-03-30T16:16:32","date_gmt":"2022-03-30T15:16:32","guid":{"rendered":"https:\/\/recreacionhistoria.com\/events\/fiera-medieval-de-as-fontinas-lugo-2022\/"},"modified":"2022-03-30T16:18:48","modified_gmt":"2022-03-30T15:18:48","slug":"fiera-medieval-de-as-fontinas-lugo-2022","status":"publish","type":"mec-events","link":"https:\/\/recreacionhistoria.com\/gl\/events\/fiera-medieval-de-as-fontinas-lugo-2022\/","title":{"rendered":"Feira Medieval de As Fonti\u00f1as, Lugo 2022"},"content":{"rendered":"<p>A feira medieval de Fonti\u00f1as volver\u00e1 celebrarse tras a pandemia. Ser\u00e1 os d\u00edas 8, 9 e 10 de abril de 2022 na fermosa cidade de Lugo.<\/p>\n<p>Un mercado con m\u00e1is de 60 artes\u00e1ns que ofrecer\u00e1n os seus produtos \u00a0gastron\u00f3micos, de artesan\u00eda, con produtos \u00e1 venda que ir\u00e1n desde babuchas, cristais, queixos, xoguetes de madeira ou ambientadores, todo tipo de traballos en coiro, etc, ser\u00e1 un dos puntos fortes da programaci\u00f3n.<\/p>\n<p>Ademais, a feira levar\u00e1 da man diversos espect\u00e1culos. Haber\u00e1 pasacalles que comezar\u00e1n \u00e1s 12 da ma\u00f1\u00e1 e sucederanse as mostras de animaci\u00f3n. A programaci\u00f3n incl\u00fae desde circo e talleres de circo a espect\u00e1culos con lume, contacontos ou danza. Ademais, haber\u00e1 postos nos que degustar comidas variadas. O horario da feira ir\u00e1 de 11 da ma\u00f1\u00e1 a 11 da noite, aproximadamente.<\/p>\n<p>A avenida de Fonti\u00f1as e a Praza do Cami\u00f1o Primitivo ser\u00e1n os dous puntos de referencia da iniciativa.<\/p>\n","protected":false},"excerpt":{"rendered":"<p>A feira medieval de Fonti\u00f1as volver\u00e1 celebrarse tras a pandemia. Ser\u00e1 os d\u00edas 8, 9 e 10 de abril de 2022 na fermosa cidade de Lugo. Un mercado con m\u00e1is de 60 artes\u00e1ns que ofrecer\u00e1n os seus produtos \u00a0gastron\u00f3micos, de artesan\u00eda, con produtos \u00e1 venda que ir\u00e1n desde babuchas, cristais, queixos, xoguetes de madeira ou&hellip;<\/p>\n","protected":false},"author":2,"featured_media":0,"comment_status":"open","ping_status":"closed","template":"","tags":[2060,2070,2071,226,374,301,210,211,753],"mec_category":[395],"class_list":["post-10857","mec-events","type-mec-events","status-publish","hentry","tag-2060","tag-as-fontinas-gl","tag-eventos-gl","tag-feiras","tag-feria-gl","tag-lugo-gl","tag-medieval-gl","tag-mercado-2-gl","tag-recreacion-historica","mec_category-feiras-e-mercados-medievais","description-off"],"_links":{"self":[{"href":"https:\/\/recreacionhistoria.com\/gl\/wp-json\/wp\/v2\/mec-events\/10857","targetHints":{"allow":["GET"]}}],"collection":[{"href":"https:\/\/recreacionhistoria.com\/gl\/wp-json\/wp\/v2\/mec-events"}],"about":[{"href":"https:\/\/recreacionhistoria.com\/gl\/wp-json\/wp\/v2\/types\/mec-events"}],"author":[{"embeddable":true,"href":"https:\/\/recreacionhistoria.com\/gl\/wp-json\/wp\/v2\/users\/2"}],"replies":[{"embeddable":true,"href":"https:\/\/recreacionhistoria.com\/gl\/wp-json\/wp\/v2\/comments?post=10857"}],"wp:attachment":[{"href":"https:\/\/recreacionhistoria.com\/gl\/wp-json\/wp\/v2\/media?parent=10857"}],"wp:term":[{"taxonomy":"post_tag","embeddable":true,"href":"https:\/\/recreacionhistoria.com\/gl\/wp-json\/wp\/v2\/tags?post=10857"},{"taxonomy":"mec_category","embeddable":true,"href":"https:\/\/recreacionhistoria.com\/gl\/wp-json\/wp\/v2\/mec_category?post=10857"}],"curies":[{"name":"wp","href":"https:\/\/api.w.org\/{rel}","templated":true}]}}